{"id":48,"date":"2011-09-17T20:18:46","date_gmt":"2011-09-17T20:18:46","guid":{"rendered":"http:\/\/www.acena.net\/cue\/?page_id=48"},"modified":"2026-04-22T07:50:29","modified_gmt":"2026-04-22T07:50:29","slug":"48-2","status":"publish","type":"page","link":"https:\/\/cue.org.es\/?page_id=48","title":{"rendered":"Alianza para el Acceso a la Formaci\u00f3n"},"content":{"rendered":"\n<blockquote class=\"wp-block-quote is-style-plain is-layout-flow wp-block-quote-is-layout-flow\">\n<h3 class=\"wp-block-heading has-contrast-color has-text-color has-background has-link-color wp-elements-c0657c992d2795f44ace2fb218ef3172\" style=\"background-color:#f7f7f7\">La educaci\u00f3n transforma vidas. El acceso no deber\u00eda ser un privilegio.<\/h3>\n<\/blockquote>\n\n\n\n<p>Por ello, el <strong>CUE \u00b7 University Euroamerican Consortium<\/strong> lanza la iniciativa \u00ab<strong>Alianza para el Acceso a la Formaci\u00f3n<\/strong>\u00ab, un programa dise\u00f1ado para facilitar que m\u00e1s estudiantes, profesionales y emprendedores, puedan acceder a formaci\u00f3n avanzada de calidad internacional.<\/p>\n\n\n\n<p>Durante este periodo especial, los participantes <strong>podr\u00e1n beneficiarse de ayudas econ\u00f3micas parciales aplicadas directamente sobre el precio final de los programa<\/strong>s de Postgrado, M\u00e1ster y Ph.D.<\/p>\n\n\n\n<p><strong>Esta alianza nace con un prop\u00f3sito claro: <\/strong>romper barreras econ\u00f3micas, impulsar el talento y ofrecer oportunidades reales de crecimiento acad\u00e9mico y profesional.<\/p>\n\n\n\n<p><strong>Si buscas avanzar, reinventarte o dar un salto cualitativo <\/strong>en tu carrera, esta es tu oportunidad.<\/p>\n\n\n\n<p><strong>Tu futuro comienza con una decisi\u00f3n. Nosotros ponemos el impulso.<\/strong><\/p>\n\n\n\n<h2 class=\"wp-block-heading has-background\" style=\"background-color:#f7f7f7\">Ayudas parciales del CUE University Euroamerican Consortium<\/h2>\n\n\n\n<h4 class=\"wp-block-heading\"><strong>Ayuda Parcial Nivel I \u2013 \u201cAcceso Universal\u201d (20% de ayuda)<\/strong><\/h4>\n\n\n\n<p>Aplicable a cualquier postulante que se inscriba durante la campa\u00f1a.<\/p>\n\n\n\n<ul class=\"wp-block-list\">\n<li><strong>Postgrado: <\/strong>475 \u2192 380 \u20ac<\/li>\n\n\n\n<li><strong>M\u00e1ster: <\/strong>1350 \u2192 1080 \u20ac<\/li>\n\n\n\n<li><strong>PhD: <\/strong>1875 \u2192 1500 \u20ac<\/li>\n<\/ul>\n\n\n\n<h4 class=\"wp-block-heading\"><strong>Ayuda Parcial Nivel II \u2013 \u201cTalento en Proyecci\u00f3n\u201d (30% de ayuda)<\/strong><\/h4>\n\n\n\n<p>Para estudiantes que acrediten motivaci\u00f3n profesional (remita su Curriculum Vitae o perfil LinkedIn).<\/p>\n\n\n\n<ul class=\"wp-block-list\">\n<li><strong>Postgrado:<\/strong> 475 \u2192 332 \u20ac<\/li>\n\n\n\n<li><strong>M\u00e1ster: <\/strong>1350 \u2192 945 \u20ac<\/li>\n\n\n\n<li><strong>PhD: <\/strong>1875 \u2192 1312 \u20ac<\/li>\n<\/ul>\n\n\n\n<h4 class=\"wp-block-heading\"><strong>Ayuda Parcial Nivel III \u2013 \u201cExcelencia y Liderazgo\u201d (40% de ayuda)<\/strong><\/h4>\n\n\n\n<p>Para candidatos con experiencia profesional, logros acad\u00e9micos o proyectos relevantes.<\/p>\n\n\n\n<ul class=\"wp-block-list\">\n<li><strong>Postgrado:<\/strong> 475 \u2192 285 \u20ac<\/li>\n\n\n\n<li><strong>M\u00e1ster: <\/strong>1350 \u2192 810 \u20ac<\/li>\n\n\n\n<li><strong>PhD: <\/strong>1875 \u2192 1125 \u20ac<\/li>\n<\/ul>\n\n\n\n<blockquote class=\"wp-block-quote is-layout-flow wp-block-quote-is-layout-flow\">\n<div class=\"wp-block-group has-global-padding is-layout-constrained wp-container-core-group-is-layout-12243e0f wp-block-group-is-layout-constrained\">\n<div class=\"wp-block-group has-global-padding is-layout-constrained wp-block-group-is-layout-constrained\">\n<p class=\"has-contrast-color has-text-color has-background has-link-color has-ibm-plex-mono-font-family has-medium-font-size wp-elements-c5cf38fd32e338468e8e8d32e5fecc5a\" style=\"background-color:#f7f7f7\">\u201cHasta un 40% de ayuda econ\u00f3mica seg\u00fan perfil del candidato\u201d<\/p>\n\n\n\n<p class=\"has-contrast-color has-text-color has-background has-link-color has-ibm-plex-mono-font-family has-medium-font-size wp-elements-135487f2c0c1531a049d0f4f1df561a4\" style=\"background-color:#f7f7f7\">\u201cAyudas limitadas por orden de solicitud\u201d<\/p>\n\n\n\n<p class=\"has-contrast-color has-text-color has-background has-link-color has-ibm-plex-mono-font-family has-medium-font-size wp-elements-d4b19bbccf6e88bf0741e105cb1a842f\" style=\"background-color:#f7f7f7\">\u201cEvaluaci\u00f3n en 24 horas\u201d<\/p>\n<\/div>\n<\/div>\n<\/blockquote>\n\n\n\n<p>El acceso se realiza <a title=\"Solicitud Electronica\" href=\"https:\/\/cue.org.es\/?page_id=514\">mediante solicitud<\/a>, la cu\u00e1l puede remitir de forma electr\u00f3nica, as\u00ed como la documentaci\u00f3n solicitada.<\/p>\n\n\n\n<p>Recibida su Solicitud de Acceso a la <a href=\"https:\/\/cue.org.es\/?page_id=48\" target=\"_blank\" rel=\"noopener noreferrer\">Alianza para el acceso a la Formaci\u00f3n<\/a>, desde el Representante Legal de su Entidad Educativa, recibir\u00e1 comunicaci\u00f3n v\u00eda e-mail, indic\u00e1ndole los pasos a seguir para formalizar el acceso.<\/p>\n\n\n\n<p>Para m\u00e1s informaci\u00f3n, comun\u00edquese al E-Mail: <a href=\"mailto:info@cue.org.es\">info@cue.org.es&nbsp;<\/a><\/p>\n","protected":false},"excerpt":{"rendered":"<p>La educaci\u00f3n transforma vidas. El acceso no deber\u00eda ser un privilegio. Por ello, el CUE \u00b7 University Euroamerican Consortium lanza la iniciativa \u00abAlianza para el Acceso a la Formaci\u00f3n\u00ab, un programa dise\u00f1ado para facilitar que m\u00e1s estudiantes, profesionales y emprendedores, puedan acceder a formaci\u00f3n avanzada de calidad internacional. Durante este periodo especial, los participantes podr\u00e1n [&hellip;]<\/p>\n","protected":false},"author":1,"featured_media":537,"parent":0,"menu_order":0,"comment_status":"closed","ping_status":"open","template":"","meta":{"footnotes":""},"class_list":["post-48","page","type-page","status-publish","has-post-thumbnail","hentry"],"_links":{"self":[{"href":"https:\/\/cue.org.es\/index.php?rest_route=\/wp\/v2\/pages\/48","targetHints":{"allow":["GET"]}}],"collection":[{"href":"https:\/\/cue.org.es\/index.php?rest_route=\/wp\/v2\/pages"}],"about":[{"href":"https:\/\/cue.org.es\/index.php?rest_route=\/wp\/v2\/types\/page"}],"author":[{"embeddable":true,"href":"https:\/\/cue.org.es\/index.php?rest_route=\/wp\/v2\/users\/1"}],"replies":[{"embeddable":true,"href":"https:\/\/cue.org.es\/index.php?rest_route=%2Fwp%2Fv2%2Fcomments&post=48"}],"version-history":[{"count":16,"href":"https:\/\/cue.org.es\/index.php?rest_route=\/wp\/v2\/pages\/48\/revisions"}],"predecessor-version":[{"id":1115,"href":"https:\/\/cue.org.es\/index.php?rest_route=\/wp\/v2\/pages\/48\/revisions\/1115"}],"wp:featuredmedia":[{"embeddable":true,"href":"https:\/\/cue.org.es\/index.php?rest_route=\/wp\/v2\/media\/537"}],"wp:attachment":[{"href":"https:\/\/cue.org.es\/index.php?rest_route=%2Fwp%2Fv2%2Fmedia&parent=48"}],"curies":[{"name":"wp","href":"https:\/\/api.w.org\/{rel}","templated":true}]}}