{"id":130,"date":"2011-10-05T11:42:38","date_gmt":"2011-10-05T11:42:38","guid":{"rendered":"http:\/\/www.acena.net\/cue\/?page_id=130"},"modified":"2025-09-24T10:39:13","modified_gmt":"2025-09-24T10:39:13","slug":"fondo-de-ayuda-de-acceso-al-estudio-2","status":"publish","type":"page","link":"https:\/\/cue.org.es\/?page_id=130","title":{"rendered":"Requisitos y Solicitudes"},"content":{"rendered":"\n<h4 class=\"wp-block-heading\"><span style=\"text-decoration: underline;\"><strong>Destinatarios:<\/strong><\/span><\/h4>\n\n\n\n<p>Postulantes, cuya condici\u00f3n econ\u00f3mica lo requiera y cursen admisi\u00f3n en <span style=\"text-decoration: underline;\">una entidad educativa anexa del C.U.E<\/span>. y <span style=\"text-decoration: underline;\">participe<\/span> en el Fondo de Ayuda de Acceso a la Formaci\u00f3n.<\/p>\n\n\n\n<p>Actualmente, las entidades participantes distribuir\u00e1n directamente la informaci\u00f3n referente a becas, ayudas y subvenciones, as\u00ed como el acceso a la solicitud, entre los alumnos de su elecci\u00f3n.<\/p>\n\n\n\n<h4 class=\"wp-block-heading\"><span style=\"text-decoration: underline;\"><strong>Requisitos:<\/strong><\/span><\/h4>\n\n\n\n<ul class=\"wp-block-list\">\n<li>Haber cursado admisi\u00f3n y recibida la confirmaci\u00f3n de acceso.<\/li>\n\n\n\n<li>No haber recibido anteriormente esta subvenci\u00f3n extraordinaria.<\/li>\n\n\n\n<li>Estar o haber seleccionado, en la Solicitud de Admisi\u00f3n, una forma de pago fraccionada, o personalizada (Tasas Mensuales, Trimestrales, o Semestrales).<\/li>\n\n\n\n<li>Presentar motivos de adjudicaci\u00f3n de la subvenci\u00f3n: familia numerosa, configuraci\u00f3n de la unidad familiar especial: familia monomarental, reducci\u00f3n de la jornada laboral, compaginar estudio y jornada laboral, u otros que puedan considerarse.<\/li>\n<\/ul>\n\n\n\n<h4 class=\"wp-block-heading\"><span style=\"text-decoration: underline;\"><strong>Dotaci\u00f3n:<\/strong><\/span><\/h4>\n\n\n\n<p>Beca parcial. Los beneficiarios recibir\u00e1n previa valoraci\u00f3n de la solicitud, un documento electr\u00f3nico, exponiendo las reducciones econ\u00f3micas.<\/p>\n\n\n\n<h4 class=\"wp-block-heading\"><span style=\"text-decoration: underline;\"><strong>Plazo de presentaci\u00f3n:<\/strong><\/span><\/h4>\n\n\n\n<p>Durante todo el a\u00f1o acad\u00e9mico en curso.<\/p>\n\n\n\n<h4 class=\"wp-block-heading\"><span style=\"text-decoration: underline;\"><strong>Convocatoria:<\/strong><\/span><\/h4>\n\n\n\n<p>En la pagina web del C.U.E. Consorcio Universitario Euro-Americano, a trav\u00e9s del Formulario de Solicitud disponible.<\/p>\n\n\n\n<h4 class=\"wp-block-heading\"><span style=\"text-decoration: underline;\"><strong>Solicitud:<\/strong><\/span><\/h4>\n\n\n\n<p>Solicitud cumplimentada.<\/p>\n\n\n\n<p>Detalle las circunstancias que le permita recibir esta subvenci\u00f3n extraordinaria.<\/p>\n\n\n\n<h4 class=\"wp-block-heading\"><span style=\"text-decoration: underline;\"><strong>M\u00e1s informaci\u00f3n sobre&nbsp; el estado de su&nbsp; tr\u00e1mite:<\/strong><\/span><\/h4>\n\n\n\n<p>Consulte el estado de tramitaci\u00f3n de su solicitud de subvenci\u00f3n extraordinaria y las comunicaciones de concesi\u00f3n y denegaci\u00f3n, a trav\u00e9s del correo electr\u00f3nico de uso habitual o facilitado durante su Solicitud de Admisi\u00f3n.<\/p>\n","protected":false},"excerpt":{"rendered":"<p>Destinatarios: Postulantes, cuya condici\u00f3n econ\u00f3mica lo requiera y cursen admisi\u00f3n en una entidad educativa anexa del C.U.E. y participe en el Fondo de Ayuda de Acceso a la Formaci\u00f3n. Actualmente, las entidades participantes distribuir\u00e1n directamente la informaci\u00f3n referente a becas, ayudas y subvenciones, as\u00ed como el acceso a la solicitud, entre los alumnos de su [&hellip;]<\/p>\n","protected":false},"author":1,"featured_media":0,"parent":0,"menu_order":0,"comment_status":"closed","ping_status":"open","template":"","meta":{"footnotes":""},"class_list":["post-130","page","type-page","status-publish","hentry"],"_links":{"self":[{"href":"https:\/\/cue.org.es\/index.php?rest_route=\/wp\/v2\/pages\/130","targetHints":{"allow":["GET"]}}],"collection":[{"href":"https:\/\/cue.org.es\/index.php?rest_route=\/wp\/v2\/pages"}],"about":[{"href":"https:\/\/cue.org.es\/index.php?rest_route=\/wp\/v2\/types\/page"}],"author":[{"embeddable":true,"href":"https:\/\/cue.org.es\/index.php?rest_route=\/wp\/v2\/users\/1"}],"replies":[{"embeddable":true,"href":"https:\/\/cue.org.es\/index.php?rest_route=%2Fwp%2Fv2%2Fcomments&post=130"}],"version-history":[{"count":14,"href":"https:\/\/cue.org.es\/index.php?rest_route=\/wp\/v2\/pages\/130\/revisions"}],"predecessor-version":[{"id":1074,"href":"https:\/\/cue.org.es\/index.php?rest_route=\/wp\/v2\/pages\/130\/revisions\/1074"}],"wp:attachment":[{"href":"https:\/\/cue.org.es\/index.php?rest_route=%2Fwp%2Fv2%2Fmedia&parent=130"}],"curies":[{"name":"wp","href":"https:\/\/api.w.org\/{rel}","templated":true}]}}